{"id":223,"date":"2018-07-23T14:05:30","date_gmt":"2018-07-23T14:05:30","guid":{"rendered":"https:\/\/apublica.org\/truco2018\/?page_id=2"},"modified":"2018-08-23T21:07:30","modified_gmt":"2018-08-24T00:07:30","slug":"equipe","status":"publish","type":"page","link":"https:\/\/eleicoes.apublica.org\/2018\/equipe\/","title":{"rendered":"Equipe"},"content":{"rendered":"<p>O projeto Truco nos Estados \u00e9 composto por 7 equipes em diferentes estados do pa\u00eds, al\u00e9m de uma equipe de coordena\u00e7\u00e3o. Em 4 estados, a Ag\u00eancia P\u00fablica se aliou a organiza\u00e7\u00f5es independentes de jornalistas locais para realizar a cobertura.<\/p>\n\n\t\t\t\t<h3>S\u00e3o Paulo<\/h3><ul>\n\t\t\t\n<!--\n\t\t\t\t\t<li><a href='https:\/\/eleicoes.apublica.org\/2018\/author\/anna-beatriz-anjos\/'>Anna Beatriz Anjos<\/a> <span class='badge badge-info'>Editor<\/span><\/li>\t\n-->\n\t\t\t\t\t<li><a href='https:\/\/eleicoes.apublica.org\/2018\/author\/anna-beatriz-anjos\/'>Anna Beatriz Anjos<\/a><\/li>\t\n\t\t\t\t\n<!--\n\t\t\t\t\t<li><a href='https:\/\/eleicoes.apublica.org\/2018\/author\/caroline-ferrari\/'>Caroline Ferrari<\/a><\/li>\t\n-->\n\t\t\t\t\t<li><a href='https:\/\/eleicoes.apublica.org\/2018\/author\/caroline-ferrari\/'>Caroline Ferrari<\/a><\/li>\t\n\t\t\t\t\n<!--\n\t\t\t\t\t<li><a href='https:\/\/eleicoes.apublica.org\/2018\/author\/jessica-mota\/'>Jessica Mota<\/a> <span class='badge badge-info'>Editor<\/span><\/li>\t\n-->\n\t\t\t\t\t<li><a href='https:\/\/eleicoes.apublica.org\/2018\/author\/jessica-mota\/'>Jessica Mota<\/a><\/li>\t\n\t\t\t\t\n<!--\n\t\t\t\t\t<li><a href='https:\/\/eleicoes.apublica.org\/2018\/author\/mauricio-moraes\/'>Mauricio Moraes<\/a><\/li>\t\n-->\n\t\t\t\t\t<li><a href='https:\/\/eleicoes.apublica.org\/2018\/author\/mauricio-moraes\/'>Mauricio Moraes<\/a><\/li>\t\n\t\t\t\t<\/ul>\n\t\t\t\t<h3>Minas Gerais<\/h3><ul>\n\t\t\t\n<!--\n\t\t\t\t\t<li><a href='https:\/\/eleicoes.apublica.org\/2018\/author\/alexandre-policarpo\/'>Alexandre Policarpo<\/a><\/li>\t\n-->\n\t\t\t\t\t<li><a href='https:\/\/eleicoes.apublica.org\/2018\/author\/alexandre-policarpo\/'>Alexandre Policarpo<\/a><\/li>\t\n\t\t\t\t\n<!--\n\t\t\t\t\t<li><a href='https:\/\/eleicoes.apublica.org\/2018\/author\/bruno-fonseca\/'>Bruno Fonseca<\/a> <span class='badge badge-info'>Editor<\/span><\/li>\t\n-->\n\t\t\t\t\t<li><a href='https:\/\/eleicoes.apublica.org\/2018\/author\/bruno-fonseca\/'>Bruno Fonseca<\/a><\/li>\t\n\t\t\t\t\n<!--\n\t\t\t\t\t<li><a href='https:\/\/eleicoes.apublica.org\/2018\/author\/eliziane-lara\/'>Eliziane Lara<\/a><\/li>\t\n-->\n\t\t\t\t\t<li><a href='https:\/\/eleicoes.apublica.org\/2018\/author\/eliziane-lara\/'>Eliziane Lara<\/a><\/li>\t\n\t\t\t\t\n<!--\n\t\t\t\t\t<li><a href='https:\/\/eleicoes.apublica.org\/2018\/author\/filipe-motta\/'>Filipe Motta<\/a><\/li>\t\n-->\n\t\t\t\t\t<li><a href='https:\/\/eleicoes.apublica.org\/2018\/author\/filipe-motta\/'>Filipe Motta<\/a><\/li>\t\n\t\t\t\t\n<!--\n\t\t\t\t\t<li><a href='https:\/\/eleicoes.apublica.org\/2018\/author\/gabriela-hauber\/'>Gabriella Hauber<\/a><\/li>\t\n-->\n\t\t\t\t\t<li><a href='https:\/\/eleicoes.apublica.org\/2018\/author\/gabriela-hauber\/'>Gabriella Hauber<\/a><\/li>\t\n\t\t\t\t\n<!--\n\t\t\t\t\t<li><a href='https:\/\/eleicoes.apublica.org\/2018\/author\/natalia-vieira\/'>Natalia Vieira<\/a><\/li>\t\n-->\n\t\t\t\t\t<li><a href='https:\/\/eleicoes.apublica.org\/2018\/author\/natalia-vieira\/'>Natalia Vieira<\/a><\/li>\t\n\t\t\t\t<\/ul>\n\t\t\t\t<h3>Cear\u00e1<\/h3><ul>\n\t\t\t\n<!--\n\t\t\t\t\t<li><a href='https:\/\/eleicoes.apublica.org\/2018\/author\/carolina-capelo\/'>Carolina Capelo<\/a><\/li>\t\n-->\n\t\t\t\t\t<li><a href='https:\/\/eleicoes.apublica.org\/2018\/author\/carolina-capelo\/'>Carolina Capelo<\/a><\/li>\t\n\t\t\t\t\n<!--\n\t\t\t\t\t<li><a href='https:\/\/eleicoes.apublica.org\/2018\/author\/romulo-costa\/'>R\u00f4mulo Costa<\/a> <span class='badge badge-info'>Editor<\/span><\/li>\t\n-->\n\t\t\t\t\t<li><a href='https:\/\/eleicoes.apublica.org\/2018\/author\/romulo-costa\/'>R\u00f4mulo Costa<\/a><\/li>\t\n\t\t\t\t\n<!--\n\t\t\t\t\t<li><a href='https:\/\/eleicoes.apublica.org\/2018\/author\/thays-lavor\/'>Thays Lavor<\/a> <span class='badge badge-info'>Editor<\/span><\/li>\t\n-->\n\t\t\t\t\t<li><a href='https:\/\/eleicoes.apublica.org\/2018\/author\/thays-lavor\/'>Thays Lavor<\/a><\/li>\t\n\t\t\t\t<\/ul>\n\t\t\t\t<h3>Parceiro no Par\u00e1 - <a href='http:\/\/www.outros400.com.br'>Outros 400<\/a><\/h3><ul>\n\t\t\t\n<!--\n\t\t\t\t\t<li><a href='https:\/\/eleicoes.apublica.org\/2018\/author\/ercilia-wanzeler\/'>Ercilia Wanzeler<\/a><\/li>\t\n-->\n\t\t\t\t\t<li><a href='https:\/\/eleicoes.apublica.org\/2018\/author\/ercilia-wanzeler\/'>Ercilia Wanzeler<\/a><\/li>\t\n\t\t\t\t\n<!--\n\t\t\t\t\t<li><a href='https:\/\/eleicoes.apublica.org\/2018\/author\/guilherme-guerreiro-neto\/'>Guilherme Guerreiro Neto<\/a><\/li>\t\n-->\n\t\t\t\t\t<li><a href='https:\/\/eleicoes.apublica.org\/2018\/author\/guilherme-guerreiro-neto\/'>Guilherme Guerreiro Neto<\/a><\/li>\t\n\t\t\t\t\n<!--\n\t\t\t\t\t<li><a href='https:\/\/eleicoes.apublica.org\/2018\/author\/jessicaoliveira\/'>J\u00e9ssica Oliveira<\/a><\/li>\t\n-->\n\t\t\t\t\t<li><a href='https:\/\/eleicoes.apublica.org\/2018\/author\/jessicaoliveira\/'>J\u00e9ssica Oliveira<\/a><\/li>\t\n\t\t\t\t\n<!--\n\t\t\t\t\t<li><a href='https:\/\/eleicoes.apublica.org\/2018\/author\/moises-sarraf\/'>Mois\u00e9s Sarraf<\/a> <span class='badge badge-info'>Editor<\/span><\/li>\t\n-->\n\t\t\t\t\t<li><a href='https:\/\/eleicoes.apublica.org\/2018\/author\/moises-sarraf\/'>Mois\u00e9s Sarraf<\/a><\/li>\t\n\t\t\t\t<\/ul>\n\t\t\t\t<h3>Parceiro no Paran\u00e1 - <a href='http:\/\/livre.jor.br'>Livre.jor<\/a><\/h3><ul>\n\t\t\t\n<!--\n\t\t\t\t\t<li><a href='https:\/\/eleicoes.apublica.org\/2018\/author\/alexsandro-ribeiro\/'>Alexsandro Ribeiro<\/a><\/li>\t\n-->\n\t\t\t\t\t<li><a href='https:\/\/eleicoes.apublica.org\/2018\/author\/alexsandro-ribeiro\/'>Alexsandro Ribeiro<\/a><\/li>\t\n\t\t\t\t\n<!--\n\t\t\t\t\t<li><a href='https:\/\/eleicoes.apublica.org\/2018\/author\/camila-abrao\/'>Camila Abr\u00e3o<\/a><\/li>\t\n-->\n\t\t\t\t\t<li><a href='https:\/\/eleicoes.apublica.org\/2018\/author\/camila-abrao\/'>Camila Abr\u00e3o<\/a><\/li>\t\n\t\t\t\t\n<!--\n\t\t\t\t\t<li><a href='https:\/\/eleicoes.apublica.org\/2018\/author\/jose-lazaro-jr\/'>Jos\u00e9 L\u00e1zaro Jr.<\/a> <span class='badge badge-info'>Editor<\/span><\/li>\t\n-->\n\t\t\t\t\t<li><a href='https:\/\/eleicoes.apublica.org\/2018\/author\/jose-lazaro-jr\/'>Jos\u00e9 L\u00e1zaro Jr.<\/a><\/li>\t\n\t\t\t\t\n<!--\n\t\t\t\t\t<li><a href='https:\/\/eleicoes.apublica.org\/2018\/author\/rafael-moro-martins\/'>Rafael Moro Martins<\/a> <span class='badge badge-info'>Editor<\/span><\/li>\t\n-->\n\t\t\t\t\t<li><a href='https:\/\/eleicoes.apublica.org\/2018\/author\/rafael-moro-martins\/'>Rafael Moro Martins<\/a><\/li>\t\n\t\t\t\t<\/ul>\n\t\t\t\t<h3>Parceiro em Pernambuco - <a href='https:\/\/marcozero.org\/'>Marco Zero Conte\u00fado<\/a><\/h3><ul>\n\t\t\t\n<!--\n\t\t\t\t\t<li><a href='https:\/\/eleicoes.apublica.org\/2018\/author\/debora-britto\/'>D\u00e9bora Britto<\/a><\/li>\t\n-->\n\t\t\t\t\t<li><a href='https:\/\/eleicoes.apublica.org\/2018\/author\/debora-britto\/'>D\u00e9bora Britto<\/a><\/li>\t\n\t\t\t\t\n<!--\n\t\t\t\t\t<li><a href='https:\/\/eleicoes.apublica.org\/2018\/author\/helena-dias\/'>Helena Dias<\/a><\/li>\t\n-->\n\t\t\t\t\t<li><a href='https:\/\/eleicoes.apublica.org\/2018\/author\/helena-dias\/'>Helena Dias<\/a><\/li>\t\n\t\t\t\t\n<!--\n\t\t\t\t\t<li><a href='https:\/\/eleicoes.apublica.org\/2018\/author\/inacio-franca\/'>In\u00e1cio Fran\u00e7a<\/a><\/li>\t\n-->\n\t\t\t\t\t<li><a href='https:\/\/eleicoes.apublica.org\/2018\/author\/inacio-franca\/'>In\u00e1cio Fran\u00e7a<\/a><\/li>\t\n\t\t\t\t\n<!--\n\t\t\t\t\t<li><a href='https:\/\/eleicoes.apublica.org\/2018\/author\/laercio-portela\/'>La\u00e9rcio Portela<\/a> <span class='badge badge-info'>Editor<\/span><\/li>\t\n-->\n\t\t\t\t\t<li><a href='https:\/\/eleicoes.apublica.org\/2018\/author\/laercio-portela\/'>La\u00e9rcio Portela<\/a><\/li>\t\n\t\t\t\t\n<!--\n\t\t\t\t\t<li><a href='https:\/\/eleicoes.apublica.org\/2018\/author\/leianne-correia\/'>Leianne Correia<\/a><\/li>\t\n-->\n\t\t\t\t\t<li><a href='https:\/\/eleicoes.apublica.org\/2018\/author\/leianne-correia\/'>Leianne Correia<\/a><\/li>\t\n\t\t\t\t\n<!--\n\t\t\t\t\t<li><a href='https:\/\/eleicoes.apublica.org\/2018\/author\/mariama-correia\/'>Mariama Correia<\/a><\/li>\t\n-->\n\t\t\t\t\t<li><a href='https:\/\/eleicoes.apublica.org\/2018\/author\/mariama-correia\/'>Mariama Correia<\/a><\/li>\t\n\t\t\t\t\n<!--\n\t\t\t\t\t<li><a href='https:\/\/eleicoes.apublica.org\/2018\/author\/raissa-ebrahim\/'>Ra\u00edssa Ebrahim<\/a> <span class='badge badge-info'>Editor<\/span><\/li>\t\n-->\n\t\t\t\t\t<li><a href='https:\/\/eleicoes.apublica.org\/2018\/author\/raissa-ebrahim\/'>Ra\u00edssa Ebrahim<\/a><\/li>\t\n\t\t\t\t\n<!--\n\t\t\t\t\t<li><a href='https:\/\/eleicoes.apublica.org\/2018\/author\/sergio-miguel-buarque\/'>S\u00e9rgio Miguel Buarque<\/a> <span class='badge badge-info'>Editor<\/span><\/li>\t\n-->\n\t\t\t\t\t<li><a href='https:\/\/eleicoes.apublica.org\/2018\/author\/sergio-miguel-buarque\/'>S\u00e9rgio Miguel Buarque<\/a><\/li>\t\n\t\t\t\t<\/ul>\n\t\t\t\t<h3>Parceiro no Rio Grande do Sul  - <a href='https:\/\/pensamento.org\/filtro\/'>Filtro<\/a><\/h3><ul>\n\t\t\t\n<!--\n\t\t\t\t\t<li><a href='https:\/\/eleicoes.apublica.org\/2018\/author\/bruno-moraes\/'>Bruno Moraes<\/a><\/li>\t\n-->\n\t\t\t\t\t<li><a href='https:\/\/eleicoes.apublica.org\/2018\/author\/bruno-moraes\/'>Bruno Moraes<\/a><\/li>\t\n\t\t\t\t\n<!--\n\t\t\t\t\t<li><a href='https:\/\/eleicoes.apublica.org\/2018\/author\/naira-hofmeister\/'>Naira Hofmeister<\/a> <span class='badge badge-info'>Editor<\/span><\/li>\t\n-->\n\t\t\t\t\t<li><a href='https:\/\/eleicoes.apublica.org\/2018\/author\/naira-hofmeister\/'>Naira Hofmeister<\/a><\/li>\t\n\t\t\t\t\n<!--\n\t\t\t\t\t<li><a href='https:\/\/eleicoes.apublica.org\/2018\/author\/tais-seibt\/'>Ta\u00eds Seibt<\/a> <span class='badge badge-info'>Editor<\/span><\/li>\t\n-->\n\t\t\t\t\t<li><a href='https:\/\/eleicoes.apublica.org\/2018\/author\/tais-seibt\/'>Ta\u00eds Seibt<\/a><\/li>\t\n\t\t\t\t<\/ul><h3>Coordena\u00e7\u00e3o<\/h3><ul>\n\t\t\t\t\t<li><a href='https:\/\/eleicoes.apublica.org\/2018\/author\/adriano-belisario\/'>Adriano Belis\u00e1rio<\/a><\/li>\t\n\t\t\t\t\n\t\t\t\t\t<li><a href='https:\/\/eleicoes.apublica.org\/2018\/author\/natalia-viana\/'>Natalia Viana<\/a><\/li>\t\n\t\t\t\t<\/ul><h3>Desenvolvimento<\/h3><ul>\n\t\t\t\t\t<li><a href='https:\/\/eleicoes.apublica.org\/2018\/author\/babak-fakhamzadeh\/'>Babak Fakhamzadeh<\/a><\/li>\t\n\t\t\t\t<\/ul><h3><\/h3><ul>\n\t\t\t\t\t<li><a href='https:\/\/eleicoes.apublica.org\/2018\/author\/betaredacao\/'>Beta Reda\u00e7\u00e3o<\/a><\/li>\t\n\t\t\t\t\n\t\t\t\t\t<li><a href='https:\/\/eleicoes.apublica.org\/2018\/author\/raphaela-ribeiro\/'>Raphaela Ribeiro<\/a><\/li>\t\n\t\t\t\t<\/ul><h3>Redes Sociais<\/h3><ul>\n\t\t\t\t\t<li><a href='https:\/\/eleicoes.apublica.org\/2018\/author\/camilla-freitas\/'>Camilla Freitas<\/a><\/li>\t\n\t\t\t\t\n\t\t\t\t\t<li><a href='https:\/\/eleicoes.apublica.org\/2018\/author\/karina-cabral\/'>Karina Cabral<\/a><\/li>\t\n\t\t\t\t\n\t\t\t\t\t<li><a href='https:\/\/eleicoes.apublica.org\/2018\/author\/luiza-missi\/'>Luiza Missi<\/a><\/li>\t\n\t\t\t\t\n\t\t\t\t\t<li><a href='https:\/\/eleicoes.apublica.org\/2018\/author\/nyle1\/'>Nyle Ferrari<\/a><\/li>\t\n\t\t\t\t<\/ul>\n<p>Quer entrar em contato? Escreva para truco@apublica.org<\/p>\n","protected":false},"excerpt":{"rendered":"<p>O projeto Truco nos Estados \u00e9 composto por 7 equipes em diferentes estados do pa\u00eds, al\u00e9m de uma equipe de coordena\u00e7\u00e3o. Em 4 estados, a Ag\u00eancia P\u00fablica se aliou a organiza\u00e7\u00f5es independentes de jornalistas locais para realizar a cobertura. Quer entrar em contato? Escreva para truco@apublica.org<\/p>\n","protected":false},"author":1,"featured_media":0,"parent":0,"menu_order":0,"comment_status":"closed","ping_status":"open","template":"","meta":{"_acf_changed":false,"footnotes":""},"coauthors":[17],"class_list":["post-223","page","type-page","status-publish","hentry"],"acf":{"pizza":"[]"},"yoast_head":"<!-- This site is optimized with the Yoast SEO plugin v27.5 - https:\/\/yoast.com\/product\/yoast-seo-wordpress\/ -->\n<title>Equipe - Truco2018<\/title>\n<meta name=\"robots\" content=\"index, follow, max-snippet:-1, max-image-preview:large, max-video-preview:-1\" \/>\n<link rel=\"canonical\" href=\"https:\/\/eleicoes.apublica.org\/2018\/equipe\/\" \/>\n<meta property=\"og:locale\" content=\"pt_BR\" \/>\n<meta property=\"og:type\" content=\"article\" \/>\n<meta property=\"og:title\" content=\"Equipe - Truco2018\" \/>\n<meta property=\"og:description\" content=\"O projeto Truco nos Estados \u00e9 composto por 7 equipes em diferentes estados do pa\u00eds, al\u00e9m de uma equipe de coordena\u00e7\u00e3o. Em 4 estados, a Ag\u00eancia P\u00fablica se aliou a organiza\u00e7\u00f5es independentes de jornalistas locais para realizar a cobertura. Quer entrar em contato? Escreva para truco@apublica.org\" \/>\n<meta property=\"og:url\" content=\"https:\/\/eleicoes.apublica.org\/2018\/equipe\/\" \/>\n<meta property=\"og:site_name\" content=\"Truco2018\" \/>\n<meta property=\"article:modified_time\" content=\"2018-08-24T00:07:30+00:00\" \/>\n<meta name=\"twitter:card\" content=\"summary_large_image\" \/>\n<meta name=\"twitter:label1\" content=\"Written by\" \/>\n\t<meta name=\"twitter:data1\" content=\"Babak Fakhamzadeh\" \/>\n<script type=\"application\/ld+json\" class=\"yoast-schema-graph\">{\"@context\":\"https:\\\/\\\/schema.org\",\"@graph\":[{\"@type\":\"WebPage\",\"@id\":\"https:\\\/\\\/eleicoes.apublica.org\\\/2018\\\/equipe\\\/\",\"url\":\"https:\\\/\\\/eleicoes.apublica.org\\\/2018\\\/equipe\\\/\",\"name\":\"Equipe - Truco2018\",\"isPartOf\":{\"@id\":\"https:\\\/\\\/eleicoes.apublica.org\\\/2018\\\/#website\"},\"datePublished\":\"2018-07-23T14:05:30+00:00\",\"dateModified\":\"2018-08-24T00:07:30+00:00\",\"breadcrumb\":{\"@id\":\"https:\\\/\\\/eleicoes.apublica.org\\\/2018\\\/equipe\\\/#breadcrumb\"},\"inLanguage\":\"pt-BR\",\"potentialAction\":[{\"@type\":\"ReadAction\",\"target\":[\"https:\\\/\\\/eleicoes.apublica.org\\\/2018\\\/equipe\\\/\"]}]},{\"@type\":\"BreadcrumbList\",\"@id\":\"https:\\\/\\\/eleicoes.apublica.org\\\/2018\\\/equipe\\\/#breadcrumb\",\"itemListElement\":[{\"@type\":\"ListItem\",\"position\":1,\"name\":\"In\u00edcio\",\"item\":\"https:\\\/\\\/eleicoes.apublica.org\\\/2018\\\/\"},{\"@type\":\"ListItem\",\"position\":2,\"name\":\"Equipe\"}]},{\"@type\":\"WebSite\",\"@id\":\"https:\\\/\\\/eleicoes.apublica.org\\\/2018\\\/#website\",\"url\":\"https:\\\/\\\/eleicoes.apublica.org\\\/2018\\\/\",\"name\":\"Truco2018\",\"description\":\"Truco nos estados - Checamos as declara\u00e7\u00f5es de candidatos e boatos que circulam sobre as elei\u00e7\u00f5es para o governo de Minas, Cear\u00e1, S\u00e3o Paulo, Rio Grande do Sul, Par\u00e1, Paran\u00e1, Pernambuco.\",\"potentialAction\":[{\"@type\":\"SearchAction\",\"target\":{\"@type\":\"EntryPoint\",\"urlTemplate\":\"https:\\\/\\\/eleicoes.apublica.org\\\/2018\\\/?s={search_term_string}\"},\"query-input\":{\"@type\":\"PropertyValueSpecification\",\"valueRequired\":true,\"valueName\":\"search_term_string\"}}],\"inLanguage\":\"pt-BR\"}]}<\/script>\n<!-- \/ Yoast SEO plugin. -->","yoast_head_json":{"title":"Equipe - Truco2018","robots":{"index":"index","follow":"follow","max-snippet":"max-snippet:-1","max-image-preview":"max-image-preview:large","max-video-preview":"max-video-preview:-1"},"canonical":"https:\/\/eleicoes.apublica.org\/2018\/equipe\/","og_locale":"pt_BR","og_type":"article","og_title":"Equipe - Truco2018","og_description":"O projeto Truco nos Estados \u00e9 composto por 7 equipes em diferentes estados do pa\u00eds, al\u00e9m de uma equipe de coordena\u00e7\u00e3o. Em 4 estados, a Ag\u00eancia P\u00fablica se aliou a organiza\u00e7\u00f5es independentes de jornalistas locais para realizar a cobertura. Quer entrar em contato? Escreva para truco@apublica.org","og_url":"https:\/\/eleicoes.apublica.org\/2018\/equipe\/","og_site_name":"Truco2018","article_modified_time":"2018-08-24T00:07:30+00:00","twitter_card":"summary_large_image","twitter_misc":{"Written by":"Babak Fakhamzadeh"},"schema":{"@context":"https:\/\/schema.org","@graph":[{"@type":"WebPage","@id":"https:\/\/eleicoes.apublica.org\/2018\/equipe\/","url":"https:\/\/eleicoes.apublica.org\/2018\/equipe\/","name":"Equipe - Truco2018","isPartOf":{"@id":"https:\/\/eleicoes.apublica.org\/2018\/#website"},"datePublished":"2018-07-23T14:05:30+00:00","dateModified":"2018-08-24T00:07:30+00:00","breadcrumb":{"@id":"https:\/\/eleicoes.apublica.org\/2018\/equipe\/#breadcrumb"},"inLanguage":"pt-BR","potentialAction":[{"@type":"ReadAction","target":["https:\/\/eleicoes.apublica.org\/2018\/equipe\/"]}]},{"@type":"BreadcrumbList","@id":"https:\/\/eleicoes.apublica.org\/2018\/equipe\/#breadcrumb","itemListElement":[{"@type":"ListItem","position":1,"name":"In\u00edcio","item":"https:\/\/eleicoes.apublica.org\/2018\/"},{"@type":"ListItem","position":2,"name":"Equipe"}]},{"@type":"WebSite","@id":"https:\/\/eleicoes.apublica.org\/2018\/#website","url":"https:\/\/eleicoes.apublica.org\/2018\/","name":"Truco2018","description":"Truco nos estados - Checamos as declara\u00e7\u00f5es de candidatos e boatos que circulam sobre as elei\u00e7\u00f5es para o governo de Minas, Cear\u00e1, S\u00e3o Paulo, Rio Grande do Sul, Par\u00e1, Paran\u00e1, Pernambuco.","potentialAction":[{"@type":"SearchAction","target":{"@type":"EntryPoint","urlTemplate":"https:\/\/eleicoes.apublica.org\/2018\/?s={search_term_string}"},"query-input":{"@type":"PropertyValueSpecification","valueRequired":true,"valueName":"search_term_string"}}],"inLanguage":"pt-BR"}]}},"jetpack_shortlink":"https:\/\/wp.me\/PbyYl8-3B","jetpack_sharing_enabled":true,"_links":{"self":[{"href":"https:\/\/eleicoes.apublica.org\/2018\/wp-json\/wp\/v2\/pages\/223","targetHints":{"allow":["GET"]}}],"collection":[{"href":"https:\/\/eleicoes.apublica.org\/2018\/wp-json\/wp\/v2\/pages"}],"about":[{"href":"https:\/\/eleicoes.apublica.org\/2018\/wp-json\/wp\/v2\/types\/page"}],"author":[{"embeddable":true,"href":"https:\/\/eleicoes.apublica.org\/2018\/wp-json\/wp\/v2\/users\/1"}],"replies":[{"embeddable":true,"href":"https:\/\/eleicoes.apublica.org\/2018\/wp-json\/wp\/v2\/comments?post=223"}],"version-history":[{"count":6,"href":"https:\/\/eleicoes.apublica.org\/2018\/wp-json\/wp\/v2\/pages\/223\/revisions"}],"predecessor-version":[{"id":1506,"href":"https:\/\/eleicoes.apublica.org\/2018\/wp-json\/wp\/v2\/pages\/223\/revisions\/1506"}],"wp:attachment":[{"href":"https:\/\/eleicoes.apublica.org\/2018\/wp-json\/wp\/v2\/media?parent=223"}],"wp:term":[{"taxonomy":"author","embeddable":true,"href":"https:\/\/eleicoes.apublica.org\/2018\/wp-json\/wp\/v2\/coauthors?post=223"}],"curies":[{"name":"wp","href":"https:\/\/api.w.org\/{rel}","templated":true}]}}