{"id":385,"date":"2018-08-07T22:09:05","date_gmt":"2018-08-08T01:09:05","guid":{"rendered":"https:\/\/truco2018.apublica.org\/?page_id=385"},"modified":"2018-08-07T22:09:05","modified_gmt":"2018-08-08T01:09:05","slug":"metodologia","status":"publish","type":"page","link":"https:\/\/eleicoes.apublica.org\/2018\/metodologia\/","title":{"rendered":"Metodologia"},"content":{"rendered":"<p>Primeiro, selecionamos uma frase que possa ser verificada, ou seja, que contenha dados, fa\u00e7a refer\u00eancia a leis, permiss\u00f5es, proibi\u00e7\u00f5es, situa\u00e7\u00f5es verific\u00e1veis. Nossa prioridade \u00e9 escolher frases com relev\u00e2ncia para o debate p\u00fablico.<\/p>\n<p>Em seguida, entramos em contato a assessoria do pol\u00edtico para pedir as fontes das informa\u00e7\u00f5es. Todas s\u00e3o mencionadas no texto. Procuramos outras fontes, oficiais ou n\u00e3o, e, se necess\u00e1rio, recorremos a especialistas. Comparamos nossa apura\u00e7\u00e3o com os dados fornecidos e, com isso, classificamos a afirma\u00e7\u00e3o, utilizando um dos selos.<\/p>\n<p>Depois de finalizada a apura\u00e7\u00e3o, os selos s\u00e3o enviados novamente para as assessorias, para ouvir a contra-argumenta\u00e7\u00e3o.<\/p>\n<p>Para garantir o apartidarismo do trabalho, h\u00e1 um rod\u00edzio entre os candidatos verificados. Pol\u00edticos que t\u00eam mais tempo de exposi\u00e7\u00e3o e lideram as pesquisas, no entanto, tendem a ter as suas falas analisadas com maior frequ\u00eancia do que outros.<\/p>\n","protected":false},"excerpt":{"rendered":"<p>Primeiro, selecionamos uma frase que possa ser verificada, ou seja, que contenha dados, fa\u00e7a refer\u00eancia a leis, permiss\u00f5es, proibi\u00e7\u00f5es, situa\u00e7\u00f5es verific\u00e1veis. Nossa prioridade \u00e9 escolher frases com relev\u00e2ncia para o debate p\u00fablico. Em seguida, entramos em contato a assessoria do pol\u00edtico para pedir as fontes das informa\u00e7\u00f5es. Todas s\u00e3o mencionadas no texto. Procuramos outras fontes, &hellip; <\/p>\n<p class=\"link-more\"><a href=\"https:\/\/eleicoes.apublica.org\/2018\/metodologia\/\" class=\"more-link\">Continue lendo<span class=\"screen-reader-text\"> &#8220;Metodologia&#8221;<\/span><\/a><\/p>\n","protected":false},"author":5,"featured_media":0,"parent":0,"menu_order":0,"comment_status":"closed","ping_status":"closed","template":"","meta":{"_acf_changed":false,"footnotes":""},"coauthors":[10],"class_list":["post-385","page","type-page","status-publish","hentry"],"acf":[],"yoast_head":"<!-- This site is optimized with the Yoast SEO plugin v27.5 - https:\/\/yoast.com\/product\/yoast-seo-wordpress\/ -->\n<title>Metodologia - Truco2018<\/title>\n<meta name=\"robots\" content=\"index, follow, max-snippet:-1, max-image-preview:large, max-video-preview:-1\" \/>\n<link rel=\"canonical\" href=\"https:\/\/eleicoes.apublica.org\/2018\/metodologia\/\" \/>\n<meta property=\"og:locale\" content=\"pt_BR\" \/>\n<meta property=\"og:type\" content=\"article\" \/>\n<meta property=\"og:title\" content=\"Metodologia - Truco2018\" \/>\n<meta property=\"og:description\" content=\"Primeiro, selecionamos uma frase que possa ser verificada, ou seja, que contenha dados, fa\u00e7a refer\u00eancia a leis, permiss\u00f5es, proibi\u00e7\u00f5es, situa\u00e7\u00f5es verific\u00e1veis. Nossa prioridade \u00e9 escolher frases com relev\u00e2ncia para o debate p\u00fablico. Em seguida, entramos em contato a assessoria do pol\u00edtico para pedir as fontes das informa\u00e7\u00f5es. Todas s\u00e3o mencionadas no texto. Procuramos outras fontes, &hellip; Continue lendo &quot;Metodologia&quot;\" \/>\n<meta property=\"og:url\" content=\"https:\/\/eleicoes.apublica.org\/2018\/metodologia\/\" \/>\n<meta property=\"og:site_name\" content=\"Truco2018\" \/>\n<meta name=\"twitter:card\" content=\"summary_large_image\" \/>\n<meta name=\"twitter:label1\" content=\"Est. tempo de leitura\" \/>\n\t<meta name=\"twitter:data1\" content=\"1 minuto\" \/>\n\t<meta name=\"twitter:label2\" content=\"Written by\" \/>\n\t<meta name=\"twitter:data2\" content=\"Natalia Viana\" \/>\n<script type=\"application\/ld+json\" class=\"yoast-schema-graph\">{\"@context\":\"https:\\\/\\\/schema.org\",\"@graph\":[{\"@type\":\"WebPage\",\"@id\":\"https:\\\/\\\/eleicoes.apublica.org\\\/2018\\\/metodologia\\\/\",\"url\":\"https:\\\/\\\/eleicoes.apublica.org\\\/2018\\\/metodologia\\\/\",\"name\":\"Metodologia - Truco2018\",\"isPartOf\":{\"@id\":\"https:\\\/\\\/eleicoes.apublica.org\\\/2018\\\/#website\"},\"datePublished\":\"2018-08-08T01:09:05+00:00\",\"breadcrumb\":{\"@id\":\"https:\\\/\\\/eleicoes.apublica.org\\\/2018\\\/metodologia\\\/#breadcrumb\"},\"inLanguage\":\"pt-BR\",\"potentialAction\":[{\"@type\":\"ReadAction\",\"target\":[\"https:\\\/\\\/eleicoes.apublica.org\\\/2018\\\/metodologia\\\/\"]}]},{\"@type\":\"BreadcrumbList\",\"@id\":\"https:\\\/\\\/eleicoes.apublica.org\\\/2018\\\/metodologia\\\/#breadcrumb\",\"itemListElement\":[{\"@type\":\"ListItem\",\"position\":1,\"name\":\"In\u00edcio\",\"item\":\"https:\\\/\\\/eleicoes.apublica.org\\\/2018\\\/\"},{\"@type\":\"ListItem\",\"position\":2,\"name\":\"Metodologia\"}]},{\"@type\":\"WebSite\",\"@id\":\"https:\\\/\\\/eleicoes.apublica.org\\\/2018\\\/#website\",\"url\":\"https:\\\/\\\/eleicoes.apublica.org\\\/2018\\\/\",\"name\":\"Truco2018\",\"description\":\"Truco nos estados - Checamos as declara\u00e7\u00f5es de candidatos e boatos que circulam sobre as elei\u00e7\u00f5es para o governo de Minas, Cear\u00e1, S\u00e3o Paulo, Rio Grande do Sul, Par\u00e1, Paran\u00e1, Pernambuco.\",\"potentialAction\":[{\"@type\":\"SearchAction\",\"target\":{\"@type\":\"EntryPoint\",\"urlTemplate\":\"https:\\\/\\\/eleicoes.apublica.org\\\/2018\\\/?s={search_term_string}\"},\"query-input\":{\"@type\":\"PropertyValueSpecification\",\"valueRequired\":true,\"valueName\":\"search_term_string\"}}],\"inLanguage\":\"pt-BR\"}]}<\/script>\n<!-- \/ Yoast SEO plugin. -->","yoast_head_json":{"title":"Metodologia - Truco2018","robots":{"index":"index","follow":"follow","max-snippet":"max-snippet:-1","max-image-preview":"max-image-preview:large","max-video-preview":"max-video-preview:-1"},"canonical":"https:\/\/eleicoes.apublica.org\/2018\/metodologia\/","og_locale":"pt_BR","og_type":"article","og_title":"Metodologia - Truco2018","og_description":"Primeiro, selecionamos uma frase que possa ser verificada, ou seja, que contenha dados, fa\u00e7a refer\u00eancia a leis, permiss\u00f5es, proibi\u00e7\u00f5es, situa\u00e7\u00f5es verific\u00e1veis. Nossa prioridade \u00e9 escolher frases com relev\u00e2ncia para o debate p\u00fablico. Em seguida, entramos em contato a assessoria do pol\u00edtico para pedir as fontes das informa\u00e7\u00f5es. Todas s\u00e3o mencionadas no texto. Procuramos outras fontes, &hellip; Continue lendo \"Metodologia\"","og_url":"https:\/\/eleicoes.apublica.org\/2018\/metodologia\/","og_site_name":"Truco2018","twitter_card":"summary_large_image","twitter_misc":{"Est. tempo de leitura":"1 minuto","Written by":"Natalia Viana"},"schema":{"@context":"https:\/\/schema.org","@graph":[{"@type":"WebPage","@id":"https:\/\/eleicoes.apublica.org\/2018\/metodologia\/","url":"https:\/\/eleicoes.apublica.org\/2018\/metodologia\/","name":"Metodologia - Truco2018","isPartOf":{"@id":"https:\/\/eleicoes.apublica.org\/2018\/#website"},"datePublished":"2018-08-08T01:09:05+00:00","breadcrumb":{"@id":"https:\/\/eleicoes.apublica.org\/2018\/metodologia\/#breadcrumb"},"inLanguage":"pt-BR","potentialAction":[{"@type":"ReadAction","target":["https:\/\/eleicoes.apublica.org\/2018\/metodologia\/"]}]},{"@type":"BreadcrumbList","@id":"https:\/\/eleicoes.apublica.org\/2018\/metodologia\/#breadcrumb","itemListElement":[{"@type":"ListItem","position":1,"name":"In\u00edcio","item":"https:\/\/eleicoes.apublica.org\/2018\/"},{"@type":"ListItem","position":2,"name":"Metodologia"}]},{"@type":"WebSite","@id":"https:\/\/eleicoes.apublica.org\/2018\/#website","url":"https:\/\/eleicoes.apublica.org\/2018\/","name":"Truco2018","description":"Truco nos estados - Checamos as declara\u00e7\u00f5es de candidatos e boatos que circulam sobre as elei\u00e7\u00f5es para o governo de Minas, Cear\u00e1, S\u00e3o Paulo, Rio Grande do Sul, Par\u00e1, Paran\u00e1, Pernambuco.","potentialAction":[{"@type":"SearchAction","target":{"@type":"EntryPoint","urlTemplate":"https:\/\/eleicoes.apublica.org\/2018\/?s={search_term_string}"},"query-input":{"@type":"PropertyValueSpecification","valueRequired":true,"valueName":"search_term_string"}}],"inLanguage":"pt-BR"}]}},"jetpack_shortlink":"https:\/\/wp.me\/PbyYl8-6d","jetpack_sharing_enabled":true,"_links":{"self":[{"href":"https:\/\/eleicoes.apublica.org\/2018\/wp-json\/wp\/v2\/pages\/385","targetHints":{"allow":["GET"]}}],"collection":[{"href":"https:\/\/eleicoes.apublica.org\/2018\/wp-json\/wp\/v2\/pages"}],"about":[{"href":"https:\/\/eleicoes.apublica.org\/2018\/wp-json\/wp\/v2\/types\/page"}],"author":[{"embeddable":true,"href":"https:\/\/eleicoes.apublica.org\/2018\/wp-json\/wp\/v2\/users\/5"}],"replies":[{"embeddable":true,"href":"https:\/\/eleicoes.apublica.org\/2018\/wp-json\/wp\/v2\/comments?post=385"}],"version-history":[{"count":1,"href":"https:\/\/eleicoes.apublica.org\/2018\/wp-json\/wp\/v2\/pages\/385\/revisions"}],"predecessor-version":[{"id":386,"href":"https:\/\/eleicoes.apublica.org\/2018\/wp-json\/wp\/v2\/pages\/385\/revisions\/386"}],"wp:attachment":[{"href":"https:\/\/eleicoes.apublica.org\/2018\/wp-json\/wp\/v2\/media?parent=385"}],"wp:term":[{"taxonomy":"author","embeddable":true,"href":"https:\/\/eleicoes.apublica.org\/2018\/wp-json\/wp\/v2\/coauthors?post=385"}],"curies":[{"name":"wp","href":"https:\/\/api.w.org\/{rel}","templated":true}]}}